{"id":22874,"date":"2018-01-29T08:41:48","date_gmt":"2018-01-29T07:41:48","guid":{"rendered":"http:\/\/huglwimmer.at.cloud3-vm432.server-routing.com\/?page_id=22874"},"modified":"2026-04-28T11:51:13","modified_gmt":"2026-04-28T09:51:13","slug":"retail-outlets","status":"publish","type":"page","link":"https:\/\/www.huglwimmer.at\/ca\/retail-outlets\/","title":{"rendered":"Mo\u017enosti odb\u011bru"},"content":{"rendered":"<section class=\"l-section wpb_row height_auto width_full color_alternate\"><div class=\"l-section-h i-cf\"><div class=\"g-cols vc_row via_flex valign_top type_default stacking_default\"><div class=\"vc_col-sm-12 wpb_column vc_column_container\"><div class=\"vc_column-inner\"><div class=\"wpb_wrapper\">[rev_slider_vc alias=&#8221;bezugsquellen&#8221;]<\/div><\/div><\/div><\/div><\/div><\/section><section class=\"l-section wpb_row submenu height_auto color_footer-bottom type_sticky\"><div class=\"l-section-h i-cf\"><div class=\"g-cols vc_row via_flex valign_top type_default stacking_default\"><div class=\"vc_col-sm-12 wpb_column vc_column_container\"><div class=\"vc_column-inner\"><div class=\"wpb_wrapper\"><nav class=\"w-menu layout_hor style_blocks not_responsive us_menu_3\" style=\"--main-ver-indent:0.8em;--main-hor-indent:0.8em;--main-color:inherit;--main-active-bg-color:#000000;--main-active-color:#ffffff;\"><ul id=\"menu-submenu-bezugsquellen-2\" class=\"menu\"><li class=\"menu-item menu-item-type-custom menu-item-object-custom menu-item-22860\"><a href=\"#oesterreich\">Rakousku<\/a><\/li><li class=\"menu-item menu-item-type-custom menu-item-object-custom menu-item-22865\"><a href=\"#tschechien\">Czechia<\/a><\/li><li class=\"menu-item menu-item-type-custom menu-item-object-custom menu-item-22866\"><a href=\"#polen\">Polsku<\/a><\/li><li class=\"menu-item menu-item-type-custom menu-item-object-custom menu-item-22867\"><a href=\"#usa\">USA<\/a><\/li><li class=\"menu-item menu-item-type-custom menu-item-object-custom menu-item-22864\"><a href=\"#deutschland\">N\u011bmecku<\/a><\/li><\/ul><\/nav><\/div><\/div><\/div><\/div><\/div><\/section><section class=\"l-section wpb_row height_medium\"><div class=\"l-section-h i-cf\"><div class=\"g-cols vc_row via_flex valign_top type_default stacking_default\"><div class=\"vc_col-sm-12 wpb_column vc_column_container\"><div class=\"vc_column-inner\"><div class=\"wpb_wrapper\"><div class=\"wpb_text_column\"><div class=\"wpb_wrapper\"><h1>NA\u0160E V\u00cdNA NA DOSAH<\/h1>\n<\/div><\/div><div class=\"g-cols wpb_row via_flex valign_top type_default stacking_default\"><div class=\"vc_col-sm-6 wpb_column vc_column_container\"><div class=\"vc_column-inner\"><div class=\"wpb_wrapper\"><div class=\"wpb_text_column\"><div class=\"wpb_wrapper\"><p>R\u00e1di v\u00e1s pozdrav\u00edme u n\u00e1s ve vina\u0159stv\u00ed! Ale pros\u00edme o p\u0159edb\u011b\u017en\u00e9 telefonick\u00e9 ohl\u00e1\u0161en\u00ed. Pokud by jsme nebyli osobn\u011b k zasti\u017een\u00ed, jsou na\u0161e v\u00edna k dost\u00e1n\u00ed ve Weinmarktu Poysdorf. R\u00e1di v\u00e1m za\u0161leme va\u0161e obl\u00edben\u00e1 v\u00edna i dom\u016f. Sta\u010d\u00ed si mailem vy\u017e\u00e1dat aktu\u00e1ln\u00ed cen\u00edk! Zas\u00edl\u00e1me po cel\u00e9m Rakousku a do v\u0161ech zem\u00ed EU.<\/p>\n<p>Na \u00fazem\u00ed Poysdorfu doru\u010d\u00edme po domluv\u011b va\u0161e v\u00edna zdarma. Ka\u017edou st\u0159edu zav\u00e1\u017e\u00edme do V\u00eddn\u011b a okol\u00ed. P\u0159i zas\u00edl\u00e1ni zbo\u017e\u00ed hrad\u00ed n\u00e1klady na p\u0159epravn\u00e9 odb\u011bratel.<\/p>\n<p>Na\u0161e v\u00edna nejsou k dost\u00e1n\u00ed jen p\u0159\u00edmo ve vina\u0159stv\u00ed, ale tak\u00e9 ve zn\u00e1m\u00fdch gastropodnic\u00edch a u mnoha obchodn\u00edk\u016f s v\u00ednem, kte\u0159\u00ed distribuj\u00ed na\u0161e v\u00edna po Rakousku, N\u011bmecku, Slovensk\u00e1 republika, Polsku a USA.<\/p>\n<\/div><\/div><\/div><\/div><\/div><div class=\"vc_col-sm-6 wpb_column vc_column_container\"><div class=\"vc_column-inner\"><div class=\"wpb_wrapper\"><div class=\"w-image us_custom_b2452879 align_none\"><a ref=\"magnificPopup\" href=\"https:\/\/www.huglwimmer.at\/wp-content\/uploads\/2018\/02\/bezugsquellen_1.jpg\" aria-label=\"bezugsquellen_1\" class=\"w-image-h\"><img decoding=\"async\" width=\"768\" height=\"507\" src=\"https:\/\/www.huglwimmer.at\/wp-content\/uploads\/2018\/02\/bezugsquellen_1-768x507.jpg\" class=\"attachment-us_768_0 size-us_768_0\" alt=\"\" loading=\"lazy\" srcset=\"https:\/\/www.huglwimmer.at\/wp-content\/uploads\/2018\/02\/bezugsquellen_1-768x507.jpg 768w, https:\/\/www.huglwimmer.at\/wp-content\/uploads\/2018\/02\/bezugsquellen_1-300x198.jpg 300w, https:\/\/www.huglwimmer.at\/wp-content\/uploads\/2018\/02\/bezugsquellen_1.jpg 800w\" sizes=\"auto, (max-width: 768px) 100vw, 768px\" \/><\/a><\/div><\/div><\/div><\/div><\/div><\/div><\/div><\/div><\/div><\/div><\/section><section class=\"l-section wpb_row height_auto\"><div class=\"l-section-h i-cf\"><div class=\"g-cols vc_row via_flex valign_top type_default stacking_default\"><div class=\"vc_col-sm-12 wpb_column vc_column_container\"><div class=\"vc_column-inner\"><div class=\"wpb_wrapper\"><div class=\"w-separator size_small with_line width_default thick_2 style_solid color_primary align_center\"><div class=\"w-separator-h\"><\/div><\/div><\/div><\/div><\/div><\/div><\/div><\/section><section class=\"l-section wpb_row height_medium\" id=\"oesterreich\"><div class=\"l-section-h i-cf\"><div class=\"g-cols vc_row via_flex valign_top type_default stacking_default\"><div class=\"vc_col-sm-12 wpb_column vc_column_container\"><div class=\"vc_column-inner\"><div class=\"wpb_wrapper\"><div class=\"wpb_text_column\"><div class=\"wpb_wrapper\"><h1>Rakousko<\/h1>\n<\/div><\/div><div class=\"g-cols wpb_row via_flex valign_top type_default stacking_default\"><div class=\"vc_col-sm-4 wpb_column vc_column_container\"><div class=\"vc_column-inner\"><div class=\"wpb_wrapper\"><div class=\"wpb_text_column us_custom_d1d0f8a5\"><div class=\"wpb_wrapper\"><h4>Weinmarkt Poysdorf<\/h4>\n<p>Br\u00fcnnerstr. 28<br \/>\n2170 Poysdorf<br \/>\n<a href=\"http:\/\/www.weinmarkt-poysdorf.at\/\" target=\"_blank\" rel=\"noopener noreferrer\">www.weinmarkt-poysdorf.at<\/a><\/p>\n<\/div><\/div><\/div><\/div><\/div><div class=\"vc_col-sm-4 wpb_column vc_column_container\"><div class=\"vc_column-inner\"><div class=\"wpb_wrapper\"><div class=\"wpb_text_column\"><div class=\"wpb_wrapper\"><h4>Vinothek Franz-Michl<\/h4>\n<p>Unterdorf 2a<br \/>\n6886 Schoppernau<br \/>\n<a href=\"http:\/\/www.franzmichl.at\/\" target=\"_blank\" rel=\"noopener noreferrer\">www.franzmichl.at<\/a><\/p>\n<\/div><\/div><\/div><\/div><\/div><div class=\"vc_col-sm-4 wpb_column vc_column_container\"><div class=\"vc_column-inner\"><div class=\"wpb_wrapper\"><div class=\"wpb_text_column\"><div class=\"wpb_wrapper\"><h4>Hugl-Wimmer\u00b4s Weinzimmer<\/h4>\n<p>Viktor Panh\u00f6lzl<br \/>\nSch\u00f6neringer Stra\u00dfe 2<br \/>\n4073 Sch\u00f6nering<br \/>\n0650\/2278355<\/p>\n<\/div><\/div><\/div><\/div><\/div><\/div><\/div><\/div><\/div><\/div><\/div><\/section><section class=\"l-section wpb_row height_auto\"><div class=\"l-section-h i-cf\"><div class=\"g-cols vc_row via_flex valign_top type_default stacking_default\"><div class=\"vc_col-sm-12 wpb_column vc_column_container\"><div class=\"vc_column-inner\"><div class=\"wpb_wrapper\"><div class=\"wpb_text_column\"><div class=\"wpb_wrapper\"><h1>Ceska republika<\/h1>\n<\/div><\/div><div class=\"g-cols wpb_row via_flex valign_top type_default stacking_default\"><div class=\"vc_col-sm-4 wpb_column vc_column_container\"><div class=\"vc_column-inner\"><div class=\"wpb_wrapper\"><div class=\"wpb_text_column\"><div class=\"wpb_wrapper\"><\/div><\/div><div class=\"wpb_text_column\"><div class=\"wpb_wrapper\"><h4>Saluzzo<\/h4>\n<p>Politick\u00fdchveznu 29<br \/>\n28002 Kol\u00edn<br \/>\n<a href=\"http:\/\/www.saluzzo.cz\" target=\"_blank\" rel=\"noopener noreferrer\">www.saluzzo.cz<\/a><\/p>\n<\/div><\/div><\/div><\/div><\/div><div class=\"vc_col-sm-4 wpb_column vc_column_container\"><div class=\"vc_column-inner\"><div class=\"wpb_wrapper\"><div class=\"wpb_text_column\"><div class=\"wpb_wrapper\"><\/div><\/div><div class=\"wpb_text_column\"><div class=\"wpb_wrapper\"><h4>King Wines<\/h4>\n<p>V z\u00e1horsk\u00e9m 273<br \/>\n19012 Praha<br \/>\n<a href=\"http:\/\/www.kingwines.cz\">www.kingwines.cz<\/a><\/p>\n<\/div><\/div><\/div><\/div><\/div><div class=\"vc_col-sm-4 wpb_column vc_column_container\"><div class=\"vc_column-inner\"><div class=\"wpb_wrapper\"><div class=\"wpb_text_column\"><div class=\"wpb_wrapper\"><h4>Bourgogne Wines<\/h4>\n<p>V Z\u00e1horsk\u00e9m 273<br \/>\n16000 Praha 5<br \/>\n<a href=\"http:\/\/www.bourgognewines.cz\" target=\"_blank\" rel=\"noopener noreferrer\">www.bourgognewines.cz<\/a><\/p>\n<\/div><\/div><\/div><\/div><\/div><\/div><div class=\"w-separator size_custom\" style=\"height:34px\"><\/div><div class=\"g-cols wpb_row via_flex valign_top type_default stacking_default\"><div class=\"vc_col-sm-4 wpb_column vc_column_container\"><div class=\"vc_column-inner\"><div class=\"wpb_wrapper\"><div class=\"wpb_text_column\"><div class=\"wpb_wrapper\"><\/div><\/div><div class=\"wpb_text_column\"><div class=\"wpb_wrapper\"><h4>Eliher<\/h4>\n<p>F\u00e1blovka 403<br \/>\n53352 Pardubice \u2013 Star\u00e9 Hradi\u0161te<br \/>\n<a href=\"http:\/\/www.eliher.cz\" target=\"_blank\" rel=\"noopener noreferrer\">www.eliher.cz<\/a><\/p>\n<\/div><\/div><\/div><\/div><\/div><\/div><div class=\"w-separator size_custom\" style=\"height:34px\"><\/div><div class=\"w-separator size_small with_line width_default thick_2 style_solid color_primary align_center\"><div class=\"w-separator-h\"><\/div><\/div><\/div><\/div><\/div><\/div><\/div><\/section><section class=\"l-section wpb_row height_auto\"><div class=\"l-section-h i-cf\"><div class=\"g-cols vc_row via_flex valign_top type_default stacking_default\"><div class=\"vc_col-sm-12 wpb_column vc_column_container\"><div class=\"vc_column-inner\"><div class=\"wpb_wrapper\"><div class=\"wpb_text_column\"><div class=\"wpb_wrapper\"><h1>Slovensko<\/h1>\n<\/div><\/div><div class=\"g-cols wpb_row via_flex valign_top type_default stacking_default\"><div class=\"vc_col-sm-4 wpb_column vc_column_container\"><div class=\"vc_column-inner\"><div class=\"wpb_wrapper\"><div class=\"wpb_text_column\"><div class=\"wpb_wrapper\"><\/div><\/div><div class=\"wpb_text_column\"><div class=\"wpb_wrapper\"><h4>Vinot\u00e9ka Trivino<\/h4>\n<p>Starorimska 18<br \/>\n851 10 Bratislava<br \/>\n<a href=\"http:\/\/www.trivino.sk\" target=\"_blank\" rel=\"noopener noreferrer\">www.trivino.sk<\/a><\/p>\n<\/div><\/div><\/div><\/div><\/div><\/div><div class=\"w-separator size_custom\" style=\"height:34px\"><\/div><div class=\"w-separator size_small with_line width_default thick_2 style_solid color_primary align_center\"><div class=\"w-separator-h\"><\/div><\/div><\/div><\/div><\/div><\/div><\/div><\/section><section class=\"l-section wpb_row height_auto\"><div class=\"l-section-h i-cf\"><div class=\"g-cols vc_row via_flex valign_top type_default stacking_default\"><div class=\"vc_col-sm-12 wpb_column vc_column_container\"><div class=\"vc_column-inner\"><div class=\"wpb_wrapper\"><div class=\"wpb_text_column\"><div class=\"wpb_wrapper\"><h1>Belgie<\/h1>\n<\/div><\/div><div class=\"g-cols wpb_row via_flex valign_top type_default stacking_default\"><div class=\"vc_col-sm-4 wpb_column vc_column_container\"><div class=\"vc_column-inner\"><div class=\"wpb_wrapper\"><div class=\"wpb_text_column\"><div class=\"wpb_wrapper\"><h4>Wijnhuis Verlinden<\/h4>\n<p>Geert Verlinden, zaakvoerder<br \/>\nLauwrijkstraat 6<br \/>\n2223 Schriek<br \/>\n<a href=\"http:\/\/www.wijnhuisverlinden.be\">http:\/\/www.wijnhuisverlinden.be<\/a><\/p>\n<\/div><\/div><\/div><\/div><\/div><div class=\"vc_col-sm-4 wpb_column vc_column_container\"><div class=\"vc_column-inner\"><div class=\"wpb_wrapper\"><div class=\"wpb_text_column\"><div class=\"wpb_wrapper\"><\/div><\/div><\/div><\/div><\/div><div class=\"vc_col-sm-4 wpb_column vc_column_container\"><div class=\"vc_column-inner\"><div class=\"wpb_wrapper\"><div class=\"wpb_text_column\"><div class=\"wpb_wrapper\"><\/div><\/div><\/div><\/div><\/div><\/div><div class=\"w-separator size_custom\" style=\"height:34px\"><\/div><div class=\"w-separator size_small with_line width_default thick_2 style_solid color_primary align_center\"><div class=\"w-separator-h\"><\/div><\/div><\/div><\/div><\/div><\/div><\/div><\/section><section class=\"l-section wpb_row height_auto\" id=\"usa\"><div class=\"l-section-h i-cf\"><div class=\"g-cols vc_row via_flex valign_top type_default stacking_default\"><div class=\"vc_col-sm-12 wpb_column vc_column_container\"><div class=\"vc_column-inner\"><div class=\"wpb_wrapper\"><div class=\"wpb_text_column\"><div class=\"wpb_wrapper\"><h1>USA<\/h1>\n<\/div><\/div><div class=\"g-cols wpb_row via_flex valign_top type_default stacking_default\"><div class=\"vc_col-sm-4 wpb_column vc_column_container\"><div class=\"vc_column-inner\"><div class=\"wpb_wrapper\"><div class=\"wpb_text_column\"><div class=\"wpb_wrapper\"><h4>KYSELA PERE ET FILS, LTD.<\/h4>\n<p>331 Victory Rd.<br \/>\nWinchester, VA 22602<br \/>\n<a href=\"https:\/\/www.kysela.com\/\" target=\"_blank\" rel=\"noopener noreferrer\">www.kysela.com<\/a><\/p>\n<\/div><\/div><\/div><\/div><\/div><div class=\"vc_col-sm-4 wpb_column vc_column_container\"><div class=\"vc_column-inner\"><div class=\"wpb_wrapper\"><div class=\"wpb_text_column\"><div class=\"wpb_wrapper\"><\/div><\/div><\/div><\/div><\/div><div class=\"vc_col-sm-4 wpb_column vc_column_container\"><div class=\"vc_column-inner\"><div class=\"wpb_wrapper\"><div class=\"wpb_text_column\"><div class=\"wpb_wrapper\"><\/div><\/div><\/div><\/div><\/div><\/div><div class=\"w-separator size_custom\" style=\"height:34px\"><\/div><div class=\"w-separator size_small with_line width_default thick_2 style_solid color_primary align_center\"><div class=\"w-separator-h\"><\/div><\/div><\/div><\/div><\/div><\/div><\/div><\/section><section class=\"l-section wpb_row height_medium\" id=\"polen\"><div class=\"l-section-h i-cf\"><div class=\"g-cols vc_row via_flex valign_top type_default stacking_default\"><div class=\"vc_col-sm-12 wpb_column vc_column_container\"><div class=\"vc_column-inner\"><div class=\"wpb_wrapper\"><div class=\"wpb_text_column\"><div class=\"wpb_wrapper\"><h1>Polsko<\/h1>\n<\/div><\/div><div class=\"g-cols wpb_row via_flex valign_top type_default stacking_default\"><div class=\"vc_col-sm-4 wpb_column vc_column_container\"><div class=\"vc_column-inner\"><div class=\"wpb_wrapper\"><div class=\"wpb_text_column\"><div class=\"wpb_wrapper\"><h4>Wino i Przyjaciele<\/h4>\n<p>Ul. Wisze 69b<br \/>\n38-400 Krosno<br \/>\n<a href=\"http:\/\/www.winoiprzyjaciele.pl\/\" target=\"_blank\" rel=\"noopener noreferrer\">www.winoiprzyjaciele.pl<\/a><\/p>\n<\/div><\/div><\/div><\/div><\/div><div class=\"vc_col-sm-4 wpb_column vc_column_container\"><div class=\"vc_column-inner\"><div class=\"wpb_wrapper\"><div class=\"wpb_text_column\"><div class=\"wpb_wrapper\"><h4>RB Import<\/h4>\n<p>Ul. Warszakwska 1\/12<br \/>\n31-155 Krak\u00f3w<br \/>\n<a href=\"http:\/\/www.rbimport.pl\/\">www.rbimport.pl<\/a><\/p>\n<\/div><\/div><\/div><\/div><\/div><div class=\"vc_col-sm-4 wpb_column vc_column_container\"><div class=\"vc_column-inner\"><div class=\"wpb_wrapper\"><div class=\"wpb_text_column\"><div class=\"wpb_wrapper\"><h4>Vina Ernesta<\/h4>\n<p>Ul Osiedlowa 11<br \/>\n42-233 Wierzchowisko<br \/>\n<a href=\"http:\/\/www.winaernesta.pl\" target=\"_blank\" rel=\"noopener noreferrer\">www.winaernesta.pl<\/a><\/p>\n<\/div><\/div><\/div><\/div><\/div><\/div><div class=\"w-separator size_custom\" style=\"height:34px\"><\/div><div class=\"w-separator size_small with_line width_default thick_2 style_solid color_primary align_center\"><div class=\"w-separator-h\"><\/div><\/div><\/div><\/div><\/div><\/div><\/div><\/section><section class=\"l-section wpb_row height_medium\" id=\"deutschland\"><div class=\"l-section-h i-cf\"><div class=\"g-cols vc_row via_flex valign_top type_default stacking_default\"><div class=\"vc_col-sm-12 wpb_column vc_column_container\"><div class=\"vc_column-inner\"><div class=\"wpb_wrapper\"><div class=\"wpb_text_column\"><div class=\"wpb_wrapper\"><h1>N\u011bmecko<\/h1>\n<\/div><\/div><\/div><\/div><\/div><\/div><\/div><\/section><section class=\"l-section wpb_row height_auto\"><div class=\"l-section-h i-cf\"><div class=\"g-cols vc_row via_flex valign_top type_default stacking_default\"><div class=\"vc_col-sm-12 wpb_column vc_column_container\"><div class=\"vc_column-inner\"><div class=\"wpb_wrapper\"><div class=\"g-cols wpb_row via_flex valign_top type_default stacking_default\"><div class=\"vc_col-sm-4 wpb_column vc_column_container\"><div class=\"vc_column-inner\"><div class=\"wpb_wrapper\"><div class=\"wpb_text_column us_custom_d1d0f8a5\"><div class=\"wpb_wrapper\"><h4>Assemblage Weinimport<\/h4>\n<p>Fridtjof-Nansen-Str. 10<br \/>\nD-45131 Essen<br \/>\n<a href=\"http:\/\/www.assemblage-weine.de\/\" target=\"_blank\" rel=\"noopener noreferrer\">www.assemblage-weine.de<\/a><\/p>\n<\/div><\/div><\/div><\/div><\/div><div class=\"vc_col-sm-4 wpb_column vc_column_container\"><div class=\"vc_column-inner\"><div class=\"wpb_wrapper\"><div class=\"wpb_text_column\"><div class=\"wpb_wrapper\"><h4>weinundbar.de<\/h4>\n<p>Am Lohm\u00fchlbach 16<br \/>\n85356 Freising<br \/>\n<a href=\"http:\/\/www.weinundbar.de\" target=\"_blank\" rel=\"noopener noreferrer\">www.weinundbar.de\u00a0<\/a><\/p>\n<\/div><\/div><\/div><\/div><\/div><div class=\"vc_col-sm-4 wpb_column vc_column_container\"><div class=\"vc_column-inner\"><div class=\"wpb_wrapper\"><div class=\"wpb_text_column\"><div class=\"wpb_wrapper\"><h4>Getr\u00e4nke Lippert<\/h4>\n<p>Meiselfelderstra\u00dfe 4<br \/>\nD-95030 Hof<br \/>\n<a href=\"http:\/\/getraenke-lippert.de\/\" target=\"_blank\" rel=\"noopener noreferrer\">www.getraenke-lippert.de<\/a><\/p>\n<\/div><\/div><\/div><\/div><\/div><\/div><div class=\"w-separator size_custom\" style=\"height:34px\"><\/div><div class=\"w-separator size_small with_line width_default thick_2 style_solid color_primary align_center\"><div class=\"w-separator-h\"><\/div><\/div><div class=\"w-separator size_custom\" style=\"height:34px\"><\/div><\/div><\/div><\/div><\/div><\/div><\/section><section class=\"l-section wpb_row height_auto\"><div class=\"l-section-h i-cf\"><div class=\"g-cols vc_row via_flex valign_top type_default stacking_default\"><div class=\"vc_col-sm-12 wpb_column vc_column_container\"><div class=\"vc_column-inner\"><div class=\"wpb_wrapper\"><div class=\"g-cols wpb_row via_flex valign_top type_default stacking_default\"><div class=\"vc_col-sm-4 wpb_column vc_column_container\"><div class=\"vc_column-inner\"><div class=\"wpb_wrapper\"><div class=\"wpb_text_column\"><div class=\"wpb_wrapper\"><h4>Getr\u00e4nke Korn<\/h4>\n<p>Triebstra\u00dfe 15-17<br \/>\nD-80993 M\u00fcnchen<br \/>\n<a href=\"http:\/\/www.weinimport-korn.de\/\" target=\"_blank\" rel=\"noopener noreferrer\">www.weinimport-korn.de<\/a><\/p>\n<\/div><\/div><\/div><\/div><\/div><div class=\"vc_col-sm-4 wpb_column vc_column_container\"><div class=\"vc_column-inner\"><div class=\"wpb_wrapper\"><div class=\"wpb_text_column us_custom_d1d0f8a5\"><div class=\"wpb_wrapper\"><h4>Getr\u00e4nke Korn<\/h4>\n<p>Klepperstra\u00dfe 18<br \/>\nD-83026 Rosenheim<br \/>\n<a href=\"http:\/\/www.weinimport-korn.de\/\" target=\"_blank\" rel=\"noopener noreferrer\">www.weinimport-korn.de<\/a><\/p>\n<\/div><\/div><\/div><\/div><\/div><div class=\"vc_col-sm-4 wpb_column vc_column_container\"><div class=\"vc_column-inner\"><div class=\"wpb_wrapper\"><div class=\"wpb_text_column\"><div class=\"wpb_wrapper\"><h4>Ebrosia<\/h4>\n<p>Wilhlem-Conrad-R\u00f6ngtenstra\u00dfe 2<br \/>\n04509 Delitzsch<br \/>\n<a href=\"https:\/\/www.ebrosia.de\/\" target=\"_blank\" rel=\"noopener noreferrer\">www.ebrosia.de<\/a><\/p>\n<\/div><\/div><\/div><\/div><\/div><\/div><div class=\"w-separator size_custom\" style=\"height:34px\"><\/div><div class=\"w-separator size_small with_line width_default thick_2 style_solid color_primary align_center\"><div class=\"w-separator-h\"><\/div><\/div><div class=\"w-separator size_custom\" style=\"height:34px\"><\/div><\/div><\/div><\/div><\/div><\/div><\/section><section class=\"l-section wpb_row height_auto\"><div class=\"l-section-h i-cf\"><div class=\"g-cols vc_row via_flex valign_top type_default stacking_default\"><div class=\"vc_col-sm-12 wpb_column vc_column_container\"><div class=\"vc_column-inner\"><div class=\"wpb_wrapper\"><div class=\"g-cols wpb_row via_flex valign_top type_default stacking_default\"><div class=\"vc_col-sm-4 wpb_column vc_column_container\"><div class=\"vc_column-inner\"><div class=\"wpb_wrapper\"><div class=\"wpb_text_column us_custom_5f44e327\"><div class=\"wpb_wrapper\"><h4>Getr\u00e4nke Staude<\/h4>\n<p>Ringstra\u00dfe 10<br \/>\n04827 Gerichshaim<br \/>\n<a href=\"http:\/\/www.getraenkestaude.de\" target=\"_blank\" rel=\"noopener noreferrer\">www.getraenkestaude.de<\/a><\/p>\n<\/div><\/div><\/div><\/div><\/div><div class=\"vc_col-sm-4 wpb_column vc_column_container\"><div class=\"vc_column-inner\"><div class=\"wpb_wrapper\"><div class=\"wpb_text_column\"><div class=\"wpb_wrapper\"><h4>Bl\u00fcmel&#8217;s Sekt-Spirituosen-Wein<\/h4>\n<p>Birnbaumsm\u00fchle 66<br \/>\n15234 Frankfurt\/Oder<br \/>\n<a href=\"mailto:bluemel-frankfurt@t-online.de\">bluemel-frankfurt@t-online.de<\/a><\/p>\n<\/div><\/div><\/div><\/div><\/div><div class=\"vc_col-sm-4 wpb_column vc_column_container\"><div class=\"vc_column-inner\"><div class=\"wpb_wrapper\"><div class=\"wpb_text_column\"><div class=\"wpb_wrapper\"><h4>Intergrape<\/h4>\n<p>Ihlenfelderstra\u00dfe 125a<br \/>\n17034 Neubrandenburg<br \/>\n<a href=\"http:\/\/www.intergrape.de\/\" target=\"_blank\" rel=\"noopener noreferrer\">www.intergrape.de<\/a><\/p>\n<\/div><\/div><\/div><\/div><\/div><\/div><div class=\"w-separator size_custom\" style=\"height:34px\"><\/div><div class=\"w-separator size_small with_line width_default thick_2 style_solid color_primary align_center\"><div class=\"w-separator-h\"><\/div><\/div><div class=\"w-separator size_custom\" style=\"height:34px\"><\/div><\/div><\/div><\/div><\/div><\/div><\/section><section class=\"l-section wpb_row height_auto\"><div class=\"l-section-h i-cf\"><div class=\"g-cols vc_row via_flex valign_top type_default stacking_default\"><div class=\"vc_col-sm-12 wpb_column vc_column_container\"><div class=\"vc_column-inner\"><div class=\"wpb_wrapper\"><div class=\"g-cols wpb_row via_flex valign_top type_default stacking_default\"><div class=\"vc_col-sm-4 wpb_column vc_column_container\"><div class=\"vc_column-inner\"><div class=\"wpb_wrapper\"><div class=\"wpb_text_column us_custom_d1d0f8a5\"><div class=\"wpb_wrapper\"><h4>Ars Vivendi<\/h4>\n<p>Geesthachter Stra\u00dfe 49<br \/>\n21502 Geesthacht<br \/>\n<a href=\"http:\/\/www.ars-vivendi-wein.de\" target=\"_blank\" rel=\"noopener noreferrer\">www.ars-vivendi-wein.de<\/a><\/p>\n<\/div><\/div><\/div><\/div><\/div><div class=\"vc_col-sm-4 wpb_column vc_column_container\"><div class=\"vc_column-inner\"><div class=\"wpb_wrapper\"><div class=\"wpb_text_column\"><div class=\"wpb_wrapper\"><h4>WeinStil<\/h4>\n<p>Pappenhuder Stra\u00dfe 53<br \/>\nD-22087 Hamburg<br \/>\n<a href=\"https:\/\/www.weinstil.com\" target=\"_blank\" rel=\"noopener noreferrer\">www.weinstil.com<\/a><\/p>\n<\/div><\/div><\/div><\/div><\/div><div class=\"vc_col-sm-4 wpb_column vc_column_container\"><div class=\"vc_column-inner\"><div class=\"wpb_wrapper\"><div class=\"wpb_text_column\"><div class=\"wpb_wrapper\"><h4>Weinhaus Wagner<\/h4>\n<p>Katharinenfriedhofstra\u00dfe 33<br \/>\n92224 Amberg<br \/>\n<a href=\"https:\/\/www.weinhaus-wagner.de\" target=\"_blank\" rel=\"noopener noreferrer\">www.weinhaus-wagner.de<\/a><\/p>\n<\/div><\/div><\/div><\/div><\/div><\/div><div class=\"w-separator size_custom\" style=\"height:34px\"><\/div><div class=\"w-separator size_small with_line width_default thick_2 style_solid color_primary align_center\"><div class=\"w-separator-h\"><\/div><\/div><div class=\"w-separator size_custom\" style=\"height:34px\"><\/div><\/div><\/div><\/div><\/div><\/div><\/section><section class=\"l-section wpb_row height_auto\"><div class=\"l-section-h i-cf\"><div class=\"g-cols vc_row via_flex valign_top type_default stacking_default\"><div class=\"vc_col-sm-12 wpb_column vc_column_container\"><div class=\"vc_column-inner\"><div class=\"wpb_wrapper\"><div class=\"g-cols wpb_row via_flex valign_top type_default stacking_default\"><div class=\"vc_col-sm-4 wpb_column vc_column_container\"><div class=\"vc_column-inner\"><div class=\"wpb_wrapper\"><div class=\"wpb_text_column us_custom_d1d0f8a5\"><div class=\"wpb_wrapper\"><h4>Ca&#8217;Vino<\/h4>\n<p>Ottenser Hauptstra\u00dfe 10<br \/>\n22765 Hamburg<\/p>\n<\/div><\/div><\/div><\/div><\/div><div class=\"vc_col-sm-4 wpb_column vc_column_container\"><div class=\"vc_column-inner\"><div class=\"wpb_wrapper\"><div class=\"wpb_text_column\"><div class=\"wpb_wrapper\"><h4>Splendid Drinks GmbH<\/h4>\n<p>Boschstra\u00dfe 6-10<br \/>\n22761 Hamburg<br \/>\n<a href=\"mailto:bleyhamburg@t-online.de\">www.splendid-drinks.com<\/a><\/p>\n<\/div><\/div><\/div><\/div><\/div><div class=\"vc_col-sm-4 wpb_column vc_column_container\"><div class=\"vc_column-inner\"><div class=\"wpb_wrapper\"><div class=\"wpb_text_column\"><div class=\"wpb_wrapper\"><h4>Weinfachhandel Heiliger<\/h4>\n<p>Zum Fliegerhorst 22<br \/>\n25980 Sylt\/OT-Tinnum<br \/>\n<a href=\"http:\/\/www.weinheiliger.de\" target=\"_blank\" rel=\"noopener noreferrer\">www.weinheiliger.de<\/a><\/p>\n<\/div><\/div><\/div><\/div><\/div><\/div><div class=\"w-separator size_custom\" style=\"height:34px\"><\/div><div class=\"w-separator size_small with_line width_default thick_2 style_solid color_primary align_center\"><div class=\"w-separator-h\"><\/div><\/div><div class=\"w-separator size_custom\" style=\"height:34px\"><\/div><\/div><\/div><\/div><\/div><\/div><\/section><section class=\"l-section wpb_row height_auto\"><div class=\"l-section-h i-cf\"><div class=\"g-cols vc_row via_flex valign_top type_default stacking_default\"><div class=\"vc_col-sm-12 wpb_column vc_column_container\"><div class=\"vc_column-inner\"><div class=\"wpb_wrapper\"><div class=\"g-cols wpb_row via_flex valign_top type_default stacking_default\"><div class=\"vc_col-sm-4 wpb_column vc_column_container\"><div class=\"vc_column-inner\"><div class=\"wpb_wrapper\"><div class=\"wpb_text_column us_custom_d1d0f8a5\"><div class=\"wpb_wrapper\"><h4>Weinstein Osterholz<\/h4>\n<p>Udo Halberstadt<br \/>\n27711 Osterholz-Scharmbeck<br \/>\n<a href=\"http:\/\/www.weinstein-osterholz.de\" target=\"_blank\" rel=\"noopener noreferrer\">www.weinstein-osterholz.de<\/a><\/p>\n<\/div><\/div><\/div><\/div><\/div><div class=\"vc_col-sm-4 wpb_column vc_column_container\"><div class=\"vc_column-inner\"><div class=\"wpb_wrapper\"><div class=\"wpb_text_column\"><div class=\"wpb_wrapper\"><h4>Wedevini<\/h4>\n<p>Wedekindplatz 2<br \/>\n30161 Hannover<br \/>\n<a href=\"http:\/\/www.wedevini.de\/\" target=\"_blank\" rel=\"noopener noreferrer\">www.wedevini.de<\/a><\/p>\n<\/div><\/div><\/div><\/div><\/div><div class=\"vc_col-sm-4 wpb_column vc_column_container\"><div class=\"vc_column-inner\"><div class=\"wpb_wrapper\"><div class=\"wpb_text_column\"><div class=\"wpb_wrapper\"><h4>Weinhaus Nolden<\/h4>\n<p>Kappellener Stra\u00dfe 28<br \/>\n47661 Issum<\/p>\n<\/div><\/div><\/div><\/div><\/div><\/div><div class=\"w-separator size_custom\" style=\"height:34px\"><\/div><\/div><\/div><\/div><\/div><\/div><\/section><section class=\"l-section wpb_row height_auto\"><div class=\"l-section-h i-cf\"><div class=\"g-cols vc_row via_flex valign_top type_default stacking_default\"><div class=\"vc_col-sm-12 wpb_column vc_column_container\"><div class=\"vc_column-inner\"><div class=\"wpb_wrapper\"><div class=\"w-separator size_small with_line width_default thick_2 style_solid color_primary align_center\"><div class=\"w-separator-h\"><\/div><\/div><div class=\"w-separator size_custom\" style=\"height:34px\"><\/div><div class=\"g-cols wpb_row via_flex valign_top type_default stacking_default\"><div class=\"vc_col-sm-4 wpb_column vc_column_container\"><div class=\"vc_column-inner\"><div class=\"wpb_wrapper\"><div class=\"wpb_text_column\"><div class=\"wpb_wrapper\"><h4>Getr\u00e4nkewelt Gra\u00dfl<\/h4>\n<p>Airischwand Nr. 8 1\/2<br \/>\n85405 Nandlstadt<\/p>\n<\/div><\/div><\/div><\/div><\/div><div class=\"vc_col-sm-4 wpb_column vc_column_container\"><div class=\"vc_column-inner\"><div class=\"wpb_wrapper\"><div class=\"wpb_text_column\"><div class=\"wpb_wrapper\"><h4>Wein &amp; Tee bei E.<\/h4>\n<p>Bahnhofstra\u00dfe 7<br \/>\n51674 Wiehl<br \/>\n<a href=\"mailto:wein@infoberg.de\">wein@infoberg.de<\/a><\/p>\n<\/div><\/div><\/div><\/div><\/div><div class=\"vc_col-sm-4 wpb_column vc_column_container\"><div class=\"vc_column-inner\"><div class=\"wpb_wrapper\"><div class=\"wpb_text_column\"><div class=\"wpb_wrapper\"><h4>Kocher Gro\u00dfhandel<\/h4>\n<p>Am Lohm\u00fchlbach 16<br \/>\n85356 Freising<br \/>\n<a href=\"https:\/\/www.kochergastro.de\/s01_dealer.php?sp=de&amp;req_uri=%2Fs01.php%3Fshopid%3Ds01%26sp%3Dde%26ag%3D88\" target=\"_blank\" rel=\"noopener noreferrer\">www.kochergmbh.de<\/a><\/p>\n<\/div><\/div><\/div><\/div><\/div><\/div><div class=\"w-separator size_custom\" style=\"height:34px\"><\/div><\/div><\/div><\/div><\/div><\/div><\/section><section class=\"l-section wpb_row height_auto\"><div class=\"l-section-h i-cf\"><div class=\"g-cols vc_row via_flex valign_top type_default stacking_default\"><div class=\"vc_col-sm-12 wpb_column vc_column_container\"><div class=\"vc_column-inner\"><div class=\"wpb_wrapper\"><div class=\"w-separator size_small with_line width_default thick_2 style_solid color_primary align_center\"><div class=\"w-separator-h\"><\/div><\/div><div class=\"w-separator size_custom\" style=\"height:34px\"><\/div><div class=\"g-cols wpb_row via_flex valign_top type_default stacking_default\"><div class=\"vc_col-sm-4 wpb_column vc_column_container\"><div class=\"vc_column-inner\"><div class=\"wpb_wrapper\"><div class=\"wpb_text_column us_custom_d1d0f8a5\"><div class=\"wpb_wrapper\"><h4>Vinoscout<\/h4>\n<p>Friedrich Wilhelm Str. 10-11<br \/>\n12099 Berlin<br \/>\n<a href=\"https:\/\/www.vinoscout.de\/\" target=\"_blank\" rel=\"noopener noreferrer\">www.vinoscout.de<\/a><\/p>\n<\/div><\/div><\/div><\/div><\/div><div class=\"vc_col-sm-4 wpb_column vc_column_container\"><div class=\"vc_column-inner\"><div class=\"wpb_wrapper\"><div class=\"wpb_text_column\"><div class=\"wpb_wrapper\"><h4>Claus Kratzer \u2013 Dorfen<\/h4>\n<p>Bahnhofstra\u00dfe 4<br \/>\n84405 Dorfen<br \/>\n<a href=\"http:\/\/www.getraenke-notheis.de\">www.getraenke-kratzer-claus.de<\/a><\/p>\n<\/div><\/div><\/div><\/div><\/div><div class=\"vc_col-sm-4 wpb_column vc_column_container\"><div class=\"vc_column-inner\"><div class=\"wpb_wrapper\"><div class=\"wpb_text_column\"><div class=\"wpb_wrapper\"><h4>Kr\u00e4mer<\/h4>\n<p>Erlenweg 10<br \/>\n64665 Alsbach-H\u00e4hnlein<br \/>\n<a href=\"http:\/\/kraemergmbh.de\/\" target=\"_blank\" rel=\"noopener noreferrer\">www.kraemergmbh.de<\/a><\/p>\n<\/div><\/div><\/div><\/div><\/div><\/div><div class=\"w-separator size_custom\" style=\"height:34px\"><\/div><\/div><\/div><\/div><\/div><\/div><\/section><section class=\"l-section wpb_row height_auto\"><div class=\"l-section-h i-cf\"><div class=\"g-cols vc_row via_flex valign_top type_default stacking_default\"><div class=\"vc_col-sm-12 wpb_column vc_column_container\"><div class=\"vc_column-inner\"><div class=\"wpb_wrapper\"><div class=\"w-separator size_small with_line width_default thick_2 style_solid color_primary align_center\"><div class=\"w-separator-h\"><\/div><\/div><div class=\"w-separator size_custom\" style=\"height:34px\"><\/div><div class=\"g-cols wpb_row via_flex valign_top type_default stacking_default\"><div class=\"vc_col-sm-4 wpb_column vc_column_container\"><div class=\"vc_column-inner\"><div class=\"wpb_wrapper\"><div class=\"wpb_text_column us_custom_d1d0f8a5\"><div class=\"wpb_wrapper\"><h4>Alte Weinb\u00f6rse<\/h4>\n<p>Pelkovenstra\u00dfe 150<br \/>\n80992 M\u00fcnchen<br \/>\n<a href=\"http:\/\/www.alte-weinboerse.de\/\" target=\"_blank\" rel=\"noopener noreferrer\">www.alte-weinboerse.de<\/a><\/p>\n<\/div><\/div><\/div><\/div><\/div><div class=\"vc_col-sm-4 wpb_column vc_column_container\"><div class=\"vc_column-inner\"><div class=\"wpb_wrapper\"><div class=\"wpb_text_column\"><div class=\"wpb_wrapper\"><h4>Gebr. Volkhardt Weingro\u00dfhandlung<\/h4>\n<p>Kaflerstra\u00dfe 15<br \/>\n81241 M\u00fcnchen<br \/>\n<a href=\"http:\/\/www.volkhardts.de\" target=\"_blank\" rel=\"noopener noreferrer\">www.gebr-volkhardt.de<\/a><\/p>\n<\/div><\/div><\/div><\/div><\/div><div class=\"vc_col-sm-4 wpb_column vc_column_container\"><div class=\"vc_column-inner\"><div class=\"wpb_wrapper\"><div class=\"wpb_text_column us_custom_d1d0f8a5\"><div class=\"wpb_wrapper\"><h4>Kratzer Claus<\/h4>\n<p>Wambach 1<br \/>\n84416 Taufkirchen\/Vils<br \/>\nkratzer-claus@t-online.de<\/p>\n<\/div><\/div><\/div><\/div><\/div><\/div><div class=\"w-separator size_custom\" style=\"height:34px\"><\/div><\/div><\/div><\/div><\/div><\/div><\/section><section class=\"l-section wpb_row height_auto\"><div class=\"l-section-h i-cf\"><div class=\"g-cols vc_row via_flex valign_top type_default stacking_default\"><div class=\"vc_col-sm-12 wpb_column vc_column_container\"><div class=\"vc_column-inner\"><div class=\"wpb_wrapper\"><div class=\"w-separator size_small with_line width_default thick_2 style_solid color_primary align_center\"><div class=\"w-separator-h\"><\/div><\/div><div class=\"w-separator size_custom\" style=\"height:34px\"><\/div><div class=\"g-cols wpb_row via_flex valign_top type_default stacking_default\"><div class=\"vc_col-sm-4 wpb_column vc_column_container\"><div class=\"vc_column-inner\"><div class=\"wpb_wrapper\"><div class=\"wpb_text_column\"><div class=\"wpb_wrapper\"><h4>Kocher Gro\u00dfhandel<\/h4>\n<p>Am Lohm\u00fchlbach 16<br \/>\n85356 Freising<br \/>\n<a href=\"https:\/\/www.kochergastro.de\/s01_dealer.php?sp=de&amp;req_uri=%2Fs01.php%3Fshopid%3Ds01%26sp%3Dde%26ag%3D88\" target=\"_blank\" rel=\"noopener noreferrer\">www.kochergmbh.de<\/a><\/p>\n<\/div><\/div><\/div><\/div><\/div><div class=\"vc_col-sm-4 wpb_column vc_column_container\"><div class=\"vc_column-inner\"><div class=\"wpb_wrapper\"><div class=\"wpb_text_column\"><div class=\"wpb_wrapper\"><h4>Getr\u00e4nkewelt Gra\u00dfl<\/h4>\n<p>Airischwand Nr. 8 1\/2<br \/>\n85405 Nandlstadt<\/p>\n<\/div><\/div><\/div><\/div><\/div><div class=\"vc_col-sm-4 wpb_column vc_column_container\"><div class=\"vc_column-inner\"><div class=\"wpb_wrapper\"><div class=\"wpb_text_column\"><div class=\"wpb_wrapper\"><h4>Hegele &amp; Bauer<\/h4>\n<p>Zusamstr. 11<br \/>\n86165 Augsburg<br \/>\n<a href=\"http:\/\/www.hegele-bauer.com\" target=\"_blank\" rel=\"noopener noreferrer\">www.hegele-bauer.de<\/a><\/p>\n<\/div><\/div><\/div><\/div><\/div><\/div><div class=\"w-separator size_custom\" style=\"height:34px\"><\/div><\/div><\/div><\/div><\/div><\/div><\/section><section class=\"l-section wpb_row height_auto\"><div class=\"l-section-h i-cf\"><div class=\"g-cols vc_row via_flex valign_top type_default stacking_default\"><div class=\"vc_col-sm-12 wpb_column vc_column_container\"><div class=\"vc_column-inner\"><div class=\"wpb_wrapper\"><div class=\"w-separator size_small with_line width_default thick_2 style_solid color_primary align_center\"><div class=\"w-separator-h\"><\/div><\/div><div class=\"w-separator size_custom\" style=\"height:34px\"><\/div><div class=\"g-cols wpb_row via_flex valign_top type_default stacking_default\"><div class=\"vc_col-sm-4 wpb_column vc_column_container\"><div class=\"vc_column-inner\"><div class=\"wpb_wrapper\"><div class=\"wpb_text_column\"><div class=\"wpb_wrapper\"><h4>K\u00fcche &amp; Keller<\/h4>\n<p>Franz-Rupp-Stra\u00dfe 1<br \/>\n86956 Schongau<br \/>\n<a href=\"https:\/\/weinmenschen.jimdo.com\/\" target=\"_blank\" rel=\"noopener noreferrer\">www.weinfee.de<\/a><\/p>\n<\/div><\/div><\/div><\/div><\/div><div class=\"vc_col-sm-4 wpb_column vc_column_container\"><div class=\"vc_column-inner\"><div class=\"wpb_wrapper\"><div class=\"wpb_text_column us_custom_5f44e327\"><div class=\"wpb_wrapper\"><h4>Getr\u00e4nke Fro<\/h4>\n<p>Reichenbachstra\u00dfe 56<br \/>\n72766 Reutlingen-Sondelfingen<br \/>\n07121\/420269<br \/>\n<a href=\"https:\/\/www.huglwimmer.at\/retail-outlets\/getrankefro@email.de\" target=\"_blank\" rel=\"noopener noreferrer\">getraenkefro@email.de\u00a0<\/a><\/p>\n<\/div><\/div><\/div><\/div><\/div><div class=\"vc_col-sm-4 wpb_column vc_column_container\"><div class=\"vc_column-inner\"><div class=\"wpb_wrapper\"><div class=\"wpb_text_column\"><div class=\"wpb_wrapper\"><h4>Schlosskellerei Affaltrach<\/h4>\n<p>Am Ordensschlo\u00df 15-21<br \/>\n74182 Obersulm<br \/>\n<a href=\"http:\/\/www.schlossaffaltrach.de\">www.schlossaffaltrach.de<\/a><\/p>\n<\/div><\/div><\/div><\/div><\/div><\/div><div class=\"w-separator size_custom\" style=\"height:34px\"><\/div><\/div><\/div><\/div><\/div><\/div><\/section><section class=\"l-section wpb_row height_auto\"><div class=\"l-section-h i-cf\"><div class=\"g-cols vc_row via_flex valign_top type_default stacking_default\"><div class=\"vc_col-sm-12 wpb_column vc_column_container\"><div class=\"vc_column-inner\"><div class=\"wpb_wrapper\"><div class=\"w-separator size_small with_line width_default thick_2 style_solid color_primary align_center\"><div class=\"w-separator-h\"><\/div><\/div><div class=\"w-separator size_custom\" style=\"height:34px\"><\/div><div class=\"g-cols wpb_row via_flex valign_top type_default stacking_default\"><div class=\"vc_col-sm-4 wpb_column vc_column_container\"><div class=\"vc_column-inner\"><div class=\"wpb_wrapper\"><div class=\"wpb_text_column\"><div class=\"wpb_wrapper\"><h4>Pfister Gastro-Service<\/h4>\n<p>M\u00fchlbogenstr. 38<br \/>\n94469 Deggendorf<br \/>\n<a href=\"mailto:pfister-gastroservice@t-online.de\">pfister-gastroservice@t-online.de<\/a><\/p>\n<\/div><\/div><\/div><\/div><\/div><div class=\"vc_col-sm-4 wpb_column vc_column_container\"><div class=\"vc_column-inner\"><div class=\"wpb_wrapper\"><div class=\"wpb_text_column us_custom_5f44e327\"><div class=\"wpb_wrapper\"><h4>Getr\u00e4nke Notheis<\/h4>\n<p>Felix-Wankel-Stra\u00dfe 18<br \/>\n73764 Ostfildern-Nellingen<br \/>\n<a href=\"http:\/\/www.getraenke-notheis.de\">www.getraenke-notheis.de<\/a><\/p>\n<\/div><\/div><\/div><\/div><\/div><div class=\"vc_col-sm-4 wpb_column vc_column_container\"><div class=\"vc_column-inner\"><div class=\"wpb_wrapper\"><div class=\"wpb_text_column\"><div class=\"wpb_wrapper\"><h4>Sagasser<\/h4>\n<p>G\u00e4rtnersleite 5<br \/>\n96450 Coburg<br \/>\n<a href=\"http:\/\/www.sagasser.de\/startseite.html\" target=\"_blank\" rel=\"noopener noreferrer\">www.sagasser.de<\/a><\/p>\n<\/div><\/div><\/div><\/div><\/div><\/div><div class=\"w-separator size_custom\" style=\"height:34px\"><\/div><\/div><\/div><\/div><\/div><\/div><\/section><section class=\"l-section wpb_row height_auto\"><div class=\"l-section-h i-cf\"><div class=\"g-cols vc_row via_flex valign_top type_default stacking_default\"><div class=\"vc_col-sm-12 wpb_column vc_column_container\"><div class=\"vc_column-inner\"><div class=\"wpb_wrapper\"><div class=\"w-separator size_small with_line width_default thick_2 style_solid color_primary align_center\"><div class=\"w-separator-h\"><\/div><\/div><div class=\"w-separator size_custom\" style=\"height:34px\"><\/div><div class=\"g-cols wpb_row via_flex valign_top type_default stacking_default\"><div class=\"vc_col-sm-4 wpb_column vc_column_container\"><div class=\"vc_column-inner\"><div class=\"wpb_wrapper\"><div class=\"wpb_text_column\"><div class=\"wpb_wrapper\"><h4>Hospitalskellerei<\/h4>\n<p>Heinrich-Heine-Stra\u00dfe 91 a<br \/>\n34121 Kassel<br \/>\n<a href=\"http:\/\/hospitals-kellerei.de\" target=\"_blank\" rel=\"noopener noreferrer\">www.hospitalskellerei.de<\/a><\/p>\n<\/div><\/div><\/div><\/div><\/div><div class=\"vc_col-sm-4 wpb_column vc_column_container\"><div class=\"vc_column-inner\"><div class=\"wpb_wrapper\"><div class=\"wpb_text_column us_custom_d1d0f8a5\"><div class=\"wpb_wrapper\"><h4>Weinagentur Mohr<\/h4>\n<p>Adolf Grimme Stra\u00dfe 2<br \/>\n74078 Heilbronn<br \/>\n<a href=\"http:\/\/www.wein-mohr.de\" target=\"_blank\" rel=\"noopener noreferrer\">www.wein-mohr.de<\/a><\/p>\n<\/div><\/div><\/div><\/div><\/div><div class=\"vc_col-sm-4 wpb_column vc_column_container\"><div class=\"vc_column-inner\"><div class=\"wpb_wrapper\"><div class=\"wpb_text_column\"><div class=\"wpb_wrapper\"><h4>Getr\u00e4nke Waldhoff<\/h4>\n<p>Am S\u00fclzenbr\u00fcckenerweg<br \/>\n99334 Th\u00f6rey<br \/>\n<a href=\"http:\/\/www.waldhoff.de\/\" target=\"_blank\" rel=\"noopener noreferrer\">www.waldhoff.de<\/a><\/p>\n<\/div><\/div><\/div><\/div><\/div><\/div><div class=\"w-separator size_custom\" style=\"height:34px\"><\/div><\/div><\/div><\/div><\/div><\/div><\/section><section class=\"l-section wpb_row height_auto\"><div class=\"l-section-h i-cf\"><div class=\"g-cols vc_row via_flex valign_top type_default stacking_default\"><div class=\"vc_col-sm-12 wpb_column vc_column_container\"><div class=\"vc_column-inner\"><div class=\"wpb_wrapper\"><div class=\"w-separator size_small with_line width_default thick_2 style_solid color_primary align_center\"><div class=\"w-separator-h\"><\/div><\/div><div class=\"w-separator size_custom\" style=\"height:34px\"><\/div><div class=\"g-cols wpb_row via_flex valign_top type_default stacking_default\"><div class=\"vc_col-sm-4 wpb_column vc_column_container\"><div class=\"vc_column-inner\"><div class=\"wpb_wrapper\"><div class=\"wpb_text_column\"><div class=\"wpb_wrapper\"><h4>Hafenstadt Weine<\/h4>\n<p>Winsbergring 12<br \/>\n22525 Hamburg<br \/>\n<a href=\"http:\/\/www.hafenstadthamburg.de\">www.hafenstadthamburg.de<\/a><\/p>\n<\/div><\/div><\/div><\/div><\/div><div class=\"vc_col-sm-4 wpb_column vc_column_container\"><div class=\"vc_column-inner\"><div class=\"wpb_wrapper\"><div class=\"wpb_text_column us_custom_d1d0f8a5\"><div class=\"wpb_wrapper\"><h4>Weinhandlung Wagner<\/h4>\n<p>Katharinenfriedhof Stra\u00dfe 33<br \/>\n92224 Amberg<br \/>\n<a href=\"http:\/\/www.weinhandlungeberhardt.de\">www.hans-wagner.de<\/a><\/p>\n<\/div><\/div><\/div><\/div><\/div><div class=\"vc_col-sm-4 wpb_column vc_column_container\"><div class=\"vc_column-inner\"><div class=\"wpb_wrapper\"><div class=\"wpb_text_column\"><div class=\"wpb_wrapper\"><\/div><\/div><\/div><\/div><\/div><\/div><div class=\"w-separator size_custom\" style=\"height:34px\"><\/div><\/div><\/div><\/div><\/div><\/div><\/section><section class=\"l-section wpb_row height_auto\"><div class=\"l-section-h i-cf\"><div class=\"g-cols vc_row via_flex valign_top type_default stacking_default\"><div class=\"vc_col-sm-12 wpb_column vc_column_container\"><div class=\"vc_column-inner\"><div class=\"wpb_wrapper\"><div class=\"w-separator size_small with_line width_default thick_2 style_solid color_primary align_center\"><div class=\"w-separator-h\"><\/div><\/div><div class=\"w-separator size_custom\" style=\"height:34px\"><\/div><div class=\"g-cols wpb_row via_flex valign_top type_default stacking_default\"><div class=\"vc_col-sm-4 wpb_column vc_column_container\"><div class=\"vc_column-inner\"><div class=\"wpb_wrapper\"><div class=\"wpb_text_column\"><div class=\"wpb_wrapper\"><h4>Weinkonsum<\/h4>\n<p>Limmerstra\u00dfe 79<br \/>\n30451 Hannover<br \/>\nTel. 0049 511 2100739<\/p>\n<\/div><\/div><\/div><\/div><\/div><div class=\"vc_col-sm-4 wpb_column vc_column_container\"><div class=\"vc_column-inner\"><div class=\"wpb_wrapper\"><div class=\"wpb_text_column us_custom_d1d0f8a5\"><div class=\"wpb_wrapper\"><h4>M.Hubauer Bautzen<\/h4>\n<p>Neuteichnitzer Stra\u00dfe 39<br \/>\n02625 Bautzen<br \/>\n<a href=\"http:\/\/www.hubauer-bautzen.de\/\" target=\"_blank\" rel=\"noopener noreferrer\">www.hubauer-bautzen.de<\/a><\/p>\n<\/div><\/div><\/div><\/div><\/div><div class=\"vc_col-sm-4 wpb_column vc_column_container\"><div class=\"vc_column-inner\"><div class=\"wpb_wrapper\"><div class=\"wpb_text_column\"><div class=\"wpb_wrapper\"><\/div><\/div><\/div><\/div><\/div><\/div><div class=\"w-separator size_custom\" style=\"height:34px\"><\/div><\/div><\/div><\/div><\/div><\/div><\/section>","protected":false},"excerpt":{"rendered":"[rev_slider_vc alias=\"bezugsquellen\"]RakouskuCzechiaPolskuUSAN\u011bmeckuNA\u0160E V\u00cdNA NA DOSAH R\u00e1di v\u00e1s pozdrav\u00edme u n\u00e1s ve vina\u0159stv\u00ed! Ale pros\u00edme o p\u0159edb\u011b\u017en\u00e9 telefonick\u00e9 ohl\u00e1\u0161en\u00ed. Pokud by jsme nebyli osobn\u011b k zasti\u017een\u00ed, jsou na\u0161e v\u00edna k dost\u00e1n\u00ed ve Weinmarktu Poysdorf. R\u00e1di v\u00e1m za\u0161leme va\u0161e obl\u00edben\u00e1 v\u00edna i dom\u016f. Sta\u010d\u00ed si mailem vy\u017e\u00e1dat aktu\u00e1ln\u00ed cen\u00edk! Zas\u00edl\u00e1me po cel\u00e9m Rakousku a do v\u0161ech zem\u00ed...","protected":false},"author":1,"featured_media":0,"parent":0,"menu_order":0,"comment_status":"closed","ping_status":"closed","template":"","meta":{"footnotes":""},"class_list":["post-22874","page","type-page","status-publish","hentry"],"_links":{"self":[{"href":"https:\/\/www.huglwimmer.at\/ca\/wp-json\/wp\/v2\/pages\/22874","targetHints":{"allow":["GET"]}}],"collection":[{"href":"https:\/\/www.huglwimmer.at\/ca\/wp-json\/wp\/v2\/pages"}],"about":[{"href":"https:\/\/www.huglwimmer.at\/ca\/wp-json\/wp\/v2\/types\/page"}],"author":[{"embeddable":true,"href":"https:\/\/www.huglwimmer.at\/ca\/wp-json\/wp\/v2\/users\/1"}],"replies":[{"embeddable":true,"href":"https:\/\/www.huglwimmer.at\/ca\/wp-json\/wp\/v2\/comments?post=22874"}],"version-history":[{"count":294,"href":"https:\/\/www.huglwimmer.at\/ca\/wp-json\/wp\/v2\/pages\/22874\/revisions"}],"predecessor-version":[{"id":25277,"href":"https:\/\/www.huglwimmer.at\/ca\/wp-json\/wp\/v2\/pages\/22874\/revisions\/25277"}],"wp:attachment":[{"href":"https:\/\/www.huglwimmer.at\/ca\/wp-json\/wp\/v2\/media?parent=22874"}],"curies":[{"name":"wp","href":"https:\/\/api.w.org\/{rel}","templated":true}]}}